{"id":63,"date":"2020-01-18T22:46:38","date_gmt":"2020-01-18T22:46:38","guid":{"rendered":"http:\/\/cykloromantika.cz.uvirt74.active24.cz\/?page_id=63"},"modified":"2025-08-01T11:33:02","modified_gmt":"2025-08-01T10:33:02","slug":"cykloromantici","status":"publish","type":"page","link":"https:\/\/www.cykloromantika.cz\/index.php\/cykloromantici\/","title":{"rendered":"Cykloromantici"},"content":{"rendered":"\n<p>Na\u0161imi \u0159adami pro\u0161lo, proch\u00e1z\u00ed a snad i projde spousta tv\u00e1\u0159\u00ed. A v\u0161ichni cht\u011bj\u00ed pozn\u00e1vat kr\u00e1sy na\u0161\u00ed zem\u011b ze sedla cyklistick\u00e9ho, oprostit se od starost\u00ed v\u0161edn\u00edch dn\u00ed a nas\u00e1vat kouzlo nov\u00e9ho a nepoznan\u00e9ho \u2013 z&nbsp;p\u0159\u00edrody, z&nbsp;lidsk\u00e9 \u010dinnosti a d\u016fmyslnosti i z&nbsp;lid\u00ed samotn\u00fdch.<\/p>\n\n\n<style>.kb-image63_940239-7d .kb-image-has-overlay:after{opacity:0.3;border-top-left-radius:9px;border-top-right-radius:9px;border-bottom-right-radius:9px;border-bottom-left-radius:9px;}.kb-image63_940239-7d img.kb-img, .kb-image63_940239-7d .kb-img img{border-top-left-radius:9px;border-top-right-radius:9px;border-bottom-right-radius:9px;border-bottom-left-radius:9px;}<\/style>\n<div class=\"wp-block-kadence-image kb-image63_940239-7d\"><figure class=\"aligncenter size-large\"><img loading=\"lazy\" decoding=\"async\" width=\"812\" height=\"1024\" src=\"https:\/\/www.cykloromantika.cz\/wp-content\/uploads\/2022\/01\/feature-image-service-812x1024.jpg\" alt=\"\" class=\"kb-img wp-image-1603\" srcset=\"https:\/\/www.cykloromantika.cz\/wp-content\/uploads\/2022\/01\/feature-image-service-812x1024.jpg 812w, https:\/\/www.cykloromantika.cz\/wp-content\/uploads\/2022\/01\/feature-image-service-238x300.jpg 238w, https:\/\/www.cykloromantika.cz\/wp-content\/uploads\/2022\/01\/feature-image-service-119x150.jpg 119w, https:\/\/www.cykloromantika.cz\/wp-content\/uploads\/2022\/01\/feature-image-service-768x968.jpg 768w, https:\/\/www.cykloromantika.cz\/wp-content\/uploads\/2022\/01\/feature-image-service.jpg 960w\" sizes=\"auto, (max-width: 812px) 100vw, 812px\" \/><\/figure><\/div>\n\n\n\n<h3 class=\"wp-block-heading\" id=\"pepino-konik-cavano\">Pepino, Kon\u00edk, Cavano<\/h3>\n\n\n\n<figure class=\"wp-block-table is-style-regular\"><table class=\"has-black-color has-text-color has-background has-fixed-layout\" style=\"background-color:#e3f2ff\"><tbody><tr><th>Jm\u00e9no a p\u0159\u00edjmen\u00ed:<\/th><td>Josef Theimer<\/td><\/tr><tr><th>\u00da\u010dasti:<\/th><td>19 (1997-2012, 2014-2016)<\/td><\/tr><tr><th>Narozen ve znamen\u00ed:<\/th><td>\u0160t\u00edr<\/td><\/tr><tr><th>Ide\u00e1ln\u00ed m\u00edsto pro odpo\u010dinek:<\/th><td>Slunn\u00e1 str\u00e1\u0148 u plumlovsk\u00e9 p\u0159ehrady.<\/td><\/tr><tr><th>Zvl\u00e1\u0161tn\u00ed znamen\u00ed:<\/th><td>Bl\u00e1znovstv\u00ed<\/td><\/tr><tr><th>Z\u00e1liby:<\/th><td>\u010cetba, sport, historie, dobr\u00e9 j\u00eddlo, z\u00e1bava, cestov\u00e1n\u00ed, j\u00edt jako kraj\u00e1nek bez c\u00edle, jen tak a pozn\u00e1vat&#8230;.:)<\/td><\/tr><tr><th>\u017divotn\u00ed motto:<\/th><td>Ud\u011blej a pro\u017eij si to nejbl\u00e1zniv\u011bj\u0161\u00ed, co t\u011b jen napadne, stoj\u00ed to za to, alespo\u0148 to vyzkou\u0161et a n\u011bkdy i pro\u017e\u00edt:)<\/td><\/tr><tr><th>Nejv\u011bt\u0161\u00ed p\u0159\u00e1n\u00ed:<\/th><td>Znaj\u00ed ho jen schody na Sv. Kope\u010dku u Olomouce \ud83d\ude42<\/td><\/tr><tr><th>Nejobl\u00edben\u011bj\u0161\u00ed postava z&nbsp;ve\u010dern\u00ed\u010dku:<\/th><td>V\u010del\u00ed medv\u00eddci<\/td><\/tr><\/tbody><\/table><\/figure>\n\n\n\n<h3 class=\"wp-block-heading\" id=\"bob-bobo-bobik\">Bob, Bobo, Bob\u00edk<\/h3>\n\n\n\n<figure class=\"wp-block-table\"><table class=\"has-black-color has-text-color has-background has-fixed-layout\" style=\"background-color:#e3f2ff\"><tbody><tr><th>Jm\u00e9no a p\u0159\u00edjmen\u00ed:<\/th><td>Bohumil Form\u00e1nek<\/td><\/tr><tr><th>\u00da\u010dasti:<\/th><td>18 (1998-1999, 2005-2006, 2011-2017, 2019-2025)<\/td><\/tr><tr><th>Narozen ve znamen\u00ed:<\/th><td>Aquarius<\/td><\/tr><tr><th>Ide\u00e1ln\u00ed m\u00edsto pro odpo\u010dinek:<\/th><td>jak\u00e1koli o\u00e1za klidu a napln\u011bn\u00ed kdekoli na sv\u011bt\u011b<\/td><\/tr><tr><th>Zvl\u00e1\u0161tn\u00ed znamen\u00ed:<\/th><td>\u0161kv\u00edrka mezi p\u0159edn\u00edmi zuby a jin\u00e9 drobn\u00e9 anatomick\u00e9 anom\u00e1lie<\/td><\/tr><tr><th>Z\u00e1liby:<\/th><td>p\u0159\u00edroda, kultura, knihy, sport: brusle, ly\u017eov\u00e1n\u00ed, kolo, minigolf\u2026<\/td><\/tr><tr><th>\u017divotn\u00ed motto:<\/th><td>\u201eV\u0161echno zl\u00e9 pro n\u011bco dobr\u00e9\u201c<\/td><\/tr><tr><th>Nejv\u011bt\u0161\u00ed p\u0159\u00e1n\u00ed:<\/th><td>poznat a pro\u017e\u00edt alespo\u0148 to nepatrn\u00e9 zrnko p\u00edsku, kter\u00fdm jsme v&nbsp;nekone\u010dn\u00e9m kolotu d\u011bjin a V\u0161ehom\u00edra<\/td><\/tr><tr><th>Nejobl\u00edben\u011bj\u0161\u00ed postava z&nbsp;ve\u010dern\u00ed\u010dku:<\/th><td>Pat a Mat<\/td><\/tr><\/tbody><\/table><\/figure>\n\n\n\n<h3 class=\"wp-block-heading\" id=\"dusik-buchtic\">Du\u0161\u00edk, Buchti\u010d<\/h3>\n\n\n\n<figure class=\"wp-block-table\"><table class=\"has-black-color has-text-color has-background has-fixed-layout\" style=\"background-color:#e3f2ff\"><tbody><tr><th>Jm\u00e9no a p\u0159\u00edjmen\u00ed:<\/th><td>Du\u0161an Buchta<\/td><\/tr><tr><th>\u00da\u010dasti:<\/th><td>17 (2001-2002, 2006, 2009-2019, 2021-2023)<\/td><\/tr><tr><th>Narozen ve znamen\u00ed:<\/th><td>\u0160t\u00edr<\/td><\/tr><tr><th>Ide\u00e1ln\u00ed m\u00edsto pro odpo\u010dinek:<\/th><td>sedlo kola v&nbsp;14% stoup\u00e1n\u00ed s&nbsp;vrcholem se sportovn\u00ed halou plnou sli\u010dn\u00fdch d\u011bv\u010dat p\u0159ipraven\u00fdch n\u011bco k&nbsp;sn\u011bdku p\u0159ipravit<\/td><\/tr><tr><th>Zvl\u00e1\u0161tn\u00ed znamen\u00ed:<\/th><td>zmen\u0161en\u00e1 mozkovna, ustupuj\u00edc\u00ed n\u00edzk\u00e9 \u010delo, shrben\u00e1 postava a inteligence na \u00farovni Homo habilis (s&nbsp;n\u00edzk\u00fdm erectus) a neust\u00e1l\u00e9 zpo\u017ed\u011bn\u00ed<\/td><\/tr><tr><th>Z\u00e1liby:<\/th><td>j\u00eddlo, \u017eeny a chmelov\u00e1 voda<\/td><\/tr><tr><th>\u017divotn\u00ed motto:<\/th><td>jeden krok vzad, dva vp\u0159ed<\/td><\/tr><tr><th>Nejv\u011bt\u0161\u00ed p\u0159\u00e1n\u00ed:<\/th><td>double a mo\u017en\u00e1 i triple (v&nbsp;jednom z\u00e1pase)<\/td><\/tr><tr><th>Nejobl\u00edben\u011bj\u0161\u00ed postava z&nbsp;ve\u010dern\u00ed\u010dku:<\/th><td>Maxipes Pun\u0165a (asi jako j\u00e1 &#8211; 170 cm chlapisco)<\/td><\/tr><\/tbody><\/table><\/figure>\n\n\n\n<h3 class=\"wp-block-heading\" id=\"ramon-straki\">Ramon, Straki<\/h3>\n\n\n\n<figure class=\"wp-block-table\"><table class=\"has-black-color has-text-color has-background has-fixed-layout\" style=\"background-color:#e3f2ff\"><tbody><tr><th>Jm\u00e9no a p\u0159\u00edjmen\u00ed:<\/th><td>Roman Strako\u0161<\/td><\/tr><tr><th>\u00da\u010dasti:<\/th><td>14 (2012-2025)<\/td><\/tr><tr><th>Narozen ve znamen\u00ed:<\/th><td>V\u00e1hav\u00e1 panna<\/td><\/tr><tr><th>Ide\u00e1ln\u00ed m\u00edsto pro odpo\u010dinek:<\/th><td>V\u0161ude tam, kde se dob\u0159e da\u0159\u00ed (va\u0159\u00ed, pa\u0159\u00ed&#8230;)<\/td><\/tr><tr><th>Zvl\u00e1\u0161tn\u00ed znamen\u00ed:<\/th><td>Hebk\u00e1 srst, n\u011bkde krat\u0161\u00ed<\/td><\/tr><tr><th>Z\u00e1liby:<\/th><td>Sport a pohyb. Bohu\u017eel se u toho ned\u00e1 \u010d\u00edst!<\/td><\/tr><tr><th>\u017divotn\u00ed motto:<\/th><td>Ud\u011blej to po\u0159\u00e1dn\u011b a nesna\u017e se to o..bat!<\/td><\/tr><tr><th>Nejv\u011bt\u0161\u00ed p\u0159\u00e1n\u00ed:<\/th><td>Dal bych si pivo!<\/td><\/tr><tr><th>Nejobl\u00edben\u011bj\u0161\u00ed postava z&nbsp;ve\u010dern\u00ed\u010dku:<\/th><td>V\u017edy ten star\u0161\u00ed a snad chyt\u0159ej\u0161\u00ed z&nbsp;dvojice (Bolek, P\u00e1ja, Bob&#8230;) <\/td><\/tr><\/tbody><\/table><\/figure>\n\n\n\n<h3 class=\"wp-block-heading\" id=\"tom-tomik-wawrza\">Tom, Tom\u00edk, Wawrza<\/h3>\n\n\n\n<figure class=\"wp-block-table is-style-regular\"><table class=\"has-black-color has-text-color has-background has-fixed-layout\" style=\"background-color:#e3f2ff\"><tbody><tr><th>Jm\u00e9no a p\u0159\u00edjmen\u00ed:<\/th><td>Tom\u00e1\u0161 Wawrzyczek<\/td><\/tr><tr><th>\u00da\u010dasti:<\/th><td>11 (2014-2018, 2020-2025)<\/td><\/tr><tr><th>Narozen ve znamen\u00ed:<\/th><td>ve\u010dn\u00e1 panna<\/td><\/tr><tr><th>Ide\u00e1ln\u00ed m\u00edsto pro odpo\u010dinek:<\/th><td>tich\u00e9 z\u00e1kout\u00ed v&nbsp;kempu<\/td><\/tr><tr><th>Zvl\u00e1\u0161tn\u00ed znamen\u00ed:<\/th><td>znak Adidasu na l\u00fdtku<\/td><\/tr><tr><th>Z\u00e1liby:<\/th><td>pozn\u00e1v\u00e1n\u00ed kr\u00e1sy romanticky<\/td><\/tr><tr><th>\u017divotn\u00ed motto:<\/th><td><\/td><\/tr><tr><th>Nejv\u011bt\u0161\u00ed p\u0159\u00e1n\u00ed:<\/th><td>vyspat se<\/td><\/tr><tr><th>Nejobl\u00edben\u011bj\u0161\u00ed postava z&nbsp;ve\u010dern\u00ed\u010dku:<\/th><td>Pat a Mat<\/td><\/tr><\/tbody><\/table><\/figure>\n\n\n\n<h3 class=\"wp-block-heading\" id=\"vlkous-vlk-vlkac-vlkacek\">Vlkou\u0161, Vlk, Vlk\u00e1\u010d, Vlk\u00e1\u010dek<\/h3>\n\n\n\n<figure class=\"wp-block-table\"><table class=\"has-black-color has-text-color has-background has-fixed-layout\" style=\"background-color:#e3f2ff\"><tbody><tr><th>Jm\u00e9no a p\u0159\u00edjmen\u00ed:<\/th><td>Michal Vl\u010dek<\/td><\/tr><tr><th>\u00da\u010dasti:<\/th><td>9 (1999, 2002-2005, 2009-2012)<\/td><\/tr><tr><th>Narozen ve znamen\u00ed:<\/th><td>Kozoroh<\/td><\/tr><tr><th>Ide\u00e1ln\u00ed m\u00edsto pro odpo\u010dinek:<\/th><td>Na jak\u00e9mkoliv slun\u00ed\u010dkem rozp\u00e1len\u00e9m kope\u010dku s&nbsp;v\u00fdhledem do \u0161irok\u00e9ho okol\u00ed.<\/td><\/tr><tr><th>Zvl\u00e1\u0161tn\u00ed znamen\u00ed:<\/th><td>Palec o velikosti mexick\u00e9ho dolaru na prav\u00e9 noze \ud83d\ude42<\/td><\/tr><tr><th>Z\u00e1liby:<\/th><td>Po\u010d\u00edta\u010d, sport, cestov\u00e1n\u00ed, filmy, p\u0159\u00edroda, design a modern\u00ed technika<\/td><\/tr><tr><th>\u017divotn\u00ed motto:<\/th><td>Co nestihne\u0161 dnes, odlo\u017e na popoz\u00edt\u0159\u00ed a m\u00e1\u0161 dva dny volno \ud83d\ude09<\/td><\/tr><tr><th>Nejv\u011bt\u0161\u00ed p\u0159\u00e1n\u00ed:<\/th><td>Prolet\u011bt na\u0161\u00ed slune\u010dn\u00ed soustavou a mo\u017en\u00e1 je\u0161t\u011b d\u00e1le&#8230;<\/td><\/tr><tr><th>Nejobl\u00edben\u011bj\u0161\u00ed postava z&nbsp;ve\u010dern\u00ed\u010dku:<\/th><td>Kryton (ze seri\u00e1lu \u010cerven\u00fd trpasl\u00edk)<\/td><\/tr><tr><th>E-mail:<\/th><td><a href=\"mailto:michal.vlcek@drs.cz\">michal.vlcek@drs.cz<\/a><\/td><\/tr><\/tbody><\/table><\/figure>\n\n\n\n<h3 class=\"wp-block-heading\" id=\"kosta-kosna\">Kos\u0165a, Kos\u0148a<\/h3>\n\n\n\n<figure class=\"wp-block-table\"><table class=\"has-black-color has-text-color has-background has-fixed-layout\" style=\"background-color:#e3f2ff\"><tbody><tr><th>Jm\u00e9no a p\u0159\u00edjmen\u00ed:<\/th><td>Adam Kosniovsk\u00fd<\/td><\/tr><tr><th>\u00da\u010dasti:<\/th><td>2 (2006, 2008)<\/td><\/tr><tr><th>Narozen ve znamen\u00ed:<\/th><td>Beran<\/td><\/tr><tr><th>Ide\u00e1ln\u00ed m\u00edsto pro odpo\u010dinek:<\/th><td>Sportovi\u0161t\u011b vedle knihovny s&nbsp;nocleh\u00e1rnou a malou hosp\u016fdkou<\/td><\/tr><tr><th>Zvl\u00e1\u0161tn\u00ed znamen\u00ed:<\/th><td>Posledn\u00ed dva zdrav\u00e9 klouby<\/td><\/tr><tr><th>Z\u00e1liby:<\/th><td>Sport, kdekoli a nakomkoli<\/td><\/tr><tr><th>\u017divotn\u00ed motto:<\/th><td>Berany, berany, duc<\/td><\/tr><tr><th>Nejv\u011bt\u0161\u00ed p\u0159\u00e1n\u00ed:<\/th><td>P\u0159e\u017e\u00edt<\/td><\/tr><tr><th>Nejobl\u00edben\u011bj\u0161\u00ed postava z&nbsp;ve\u010dern\u00ed\u010dku:<\/th><td>Pern\u00edkov\u00e1 karkulka<\/td><\/tr><\/tbody><\/table><\/figure>\n\n\n\n<h3 class=\"wp-block-heading\" id=\"dalsi-ucastnici\">Dal\u0161\u00ed \u00fa\u010dastn\u00edci:<\/h3>\n\n\n\n<figure class=\"wp-block-table is-style-regular\"><table class=\"has-black-color has-text-color has-background has-fixed-layout\" style=\"background-color:#e3f2ff\"><tbody><tr><td>Vl\u010d\u00e1k ml.<\/td><td>6<\/td><\/tr><tr><td>Tonda<\/td><td>3<\/td><\/tr><tr><td>Blanka, Tom\u00edk<\/td><td>3<\/td><\/tr><tr><td>Mar\u0165as, Martina, Cigi<\/td><td>2<\/td><\/tr><tr><td>Alex, D\u00e1\u0161a, Eva, Filip, Gab\u010da, Gab\u010da Hrabovsk\u00e1, Iva, Jana, Jana II, Katka, Marek, Marek II, Martina II, Raul, Sabina, Sl\u00e1vek, Ver\u010da<\/td><td>1<\/td><\/tr><\/tbody><\/table><\/figure>\n","protected":false},"excerpt":{"rendered":"<p>Na\u0161imi \u0159adami pro\u0161lo, proch\u00e1z\u00ed a snad i projde spousta tv\u00e1\u0159\u00ed. A v\u0161ichni cht\u011bj\u00ed pozn\u00e1vat kr\u00e1sy na\u0161\u00ed zem\u011b ze sedla cyklistick\u00e9ho, oprostit se od starost\u00ed v\u0161edn\u00edch dn\u00ed a nas\u00e1vat kouzlo nov\u00e9ho a nepoznan\u00e9ho \u2013 z&nbsp;p\u0159\u00edrody, z&nbsp;lidsk\u00e9 \u010dinnosti a d\u016fmyslnosti i z&nbsp;lid\u00ed samotn\u00fdch. Pepino, Kon\u00edk, Cavano Jm\u00e9no a p\u0159\u00edjmen\u00ed: Josef Theimer \u00da\u010dasti: 19 (1997-2012, 2014-2016) Narozen ve [&hellip;]<\/p>\n","protected":false},"author":1,"featured_media":7786,"parent":0,"menu_order":4,"comment_status":"closed","ping_status":"closed","template":"","meta":{"_acf_changed":false,"pgc_sgb_lightbox_settings":"","footnotes":""},"class_list":["post-63","page","type-page","status-publish","has-post-thumbnail","hentry"],"acf":[],"_links":{"self":[{"href":"https:\/\/www.cykloromantika.cz\/index.php\/wp-json\/wp\/v2\/pages\/63","targetHints":{"allow":["GET"]}}],"collection":[{"href":"https:\/\/www.cykloromantika.cz\/index.php\/wp-json\/wp\/v2\/pages"}],"about":[{"href":"https:\/\/www.cykloromantika.cz\/index.php\/wp-json\/wp\/v2\/types\/page"}],"author":[{"embeddable":true,"href":"https:\/\/www.cykloromantika.cz\/index.php\/wp-json\/wp\/v2\/users\/1"}],"replies":[{"embeddable":true,"href":"https:\/\/www.cykloromantika.cz\/index.php\/wp-json\/wp\/v2\/comments?post=63"}],"version-history":[{"count":66,"href":"https:\/\/www.cykloromantika.cz\/index.php\/wp-json\/wp\/v2\/pages\/63\/revisions"}],"predecessor-version":[{"id":8982,"href":"https:\/\/www.cykloromantika.cz\/index.php\/wp-json\/wp\/v2\/pages\/63\/revisions\/8982"}],"wp:featuredmedia":[{"embeddable":true,"href":"https:\/\/www.cykloromantika.cz\/index.php\/wp-json\/wp\/v2\/media\/7786"}],"wp:attachment":[{"href":"https:\/\/www.cykloromantika.cz\/index.php\/wp-json\/wp\/v2\/media?parent=63"}],"curies":[{"name":"wp","href":"https:\/\/api.w.org\/{rel}","templated":true}]}}